{"id":93,"date":"2011-02-02T09:58:58","date_gmt":"2011-02-02T09:58:58","guid":{"rendered":"http:\/\/institutferresamat.com\/"},"modified":"2026-04-13T18:15:04","modified_gmt":"2026-04-13T18:15:04","slug":"inici","status":"publish","type":"page","link":"https:\/\/institutferresamat.com\/fr\/","title":{"rendered":"Nous prenons soin de votre sourire depuis 1949"},"content":{"rendered":"<div class=\"wp-block-group alignfull has-accent-background-color has-background has-global-padding is-layout-constrained wp-container-core-group-is-layout-669513ed wp-block-group-is-layout-constrained\" style=\"margin-top:0;margin-bottom:0;padding-top:var(--wp--preset--spacing--50);padding-right:var(--wp--preset--spacing--50);padding-bottom:var(--wp--preset--spacing--50);padding-left:var(--wp--preset--spacing--50)\">\n<div class=\"wp-block-columns alignwide is-layout-flex wp-container-core-columns-is-layout-1da03c2a wp-block-columns-is-layout-flex\">\n<div class=\"wp-block-column is-vertically-aligned-stretch is-layout-flow wp-block-column-is-layout-flow\" style=\"flex-basis:50%\">\n<div class=\"wp-block-group is-vertical is-content-justification-stretch is-layout-flex wp-container-core-group-is-layout-444d5ee8 wp-block-group-is-layout-flex\" style=\"min-height:100%\">\n<p class=\"home-title has-heading-font-family has-x-large-font-size\" style=\"line-height:1.2\"><strong>Chirurgie orale et odontologie avanc\u00e9e \u00e0 Barcelone<\/strong><\/p>\n\n\n\n<p class=\"home-subtitle has-heading-font-family has-x-large-font-size\" style=\"line-height:1.2\">Trois g\u00e9n\u00e9rations d\u00e9di\u00e9es \u00e0 la sant\u00e9 bucco-dentaire.<\/p>\n\n\n\n<div class=\"wp-block-group clean-button has-global-padding is-content-justification-left is-layout-constrained wp-container-core-group-is-layout-9fe8ed88 wp-block-group-is-layout-constrained\">\n<div class=\"wp-block-buttons is-layout-flex wp-block-buttons-is-layout-flex\">\n<div class=\"wp-block-button clean-button\"><a class=\"wp-block-button__link has-background wp-element-button\" href=\"http:\/\/institutferresamat.com\/fr\/contacte\/\" style=\"background-color:#99ccff\">CONTACT<\/a><\/div>\n<\/div>\n<\/div>\n<\/div>\n<\/div>\n\n\n\n<div class=\"wp-block-column is-vertically-aligned-center is-layout-flow wp-block-column-is-layout-flow\" style=\"flex-basis:50%\">\n<figure class=\"wp-block-image size-large is-style-rounded history-section is-style-rounded--1\"><img loading=\"lazy\" decoding=\"async\" width=\"565\" height=\"1024\" src=\"http:\/\/institutferresamat.com\/wp-content\/uploads\/2026\/04\/institut-ferres-amat-barcelona-ifa-565x1024.png\" alt=\"\" class=\"wp-image-1180\" style=\"aspect-ratio:3\/4;object-fit:cover\" srcset=\"https:\/\/institutferresamat.com\/wp-content\/uploads\/2026\/04\/institut-ferres-amat-barcelona-ifa-565x1024.png 565w, https:\/\/institutferresamat.com\/wp-content\/uploads\/2026\/04\/institut-ferres-amat-barcelona-ifa-166x300.png 166w, https:\/\/institutferresamat.com\/wp-content\/uploads\/2026\/04\/institut-ferres-amat-barcelona-ifa-768x1391.png 768w, https:\/\/institutferresamat.com\/wp-content\/uploads\/2026\/04\/institut-ferres-amat-barcelona-ifa-848x1536.png 848w, https:\/\/institutferresamat.com\/wp-content\/uploads\/2026\/04\/institut-ferres-amat-barcelona-ifa.png 976w\" sizes=\"auto, (max-width: 565px) 100vw, 565px\" \/><\/figure>\n<\/div>\n<\/div>\n<\/div>\n\n\n\n<div class=\"wp-block-group alignfull has-base-background-color has-background has-global-padding is-layout-constrained wp-container-core-group-is-layout-d89aad35 wp-block-group-is-layout-constrained\" style=\"margin-top:0;margin-bottom:0;padding-top:var(--wp--preset--spacing--50);padding-right:var(--wp--preset--spacing--50);padding-bottom:var(--wp--preset--spacing--50);padding-left:var(--wp--preset--spacing--50)\">\n<div class=\"wp-block-columns alignwide is-layout-flex wp-container-core-columns-is-layout-549b0c86 wp-block-columns-is-layout-flex\">\n<div class=\"wp-block-column has-global-padding is-content-justification-left is-layout-constrained wp-container-core-column-is-layout-4f15e8fe wp-block-column-is-layout-constrained\" style=\"flex-basis:40%\">\n<figure class=\"wp-block-image size-large is-style-rounded history-section is-style-rounded--2\"><img loading=\"lazy\" decoding=\"async\" width=\"946\" height=\"1024\" src=\"http:\/\/institutferresamat.com\/wp-content\/uploads\/2023\/02\/institut-ferres-amat-ifa-barcelona-dentista-1-946x1024.jpg\" alt=\"\" class=\"wp-image-1029\" srcset=\"https:\/\/institutferresamat.com\/wp-content\/uploads\/2023\/02\/institut-ferres-amat-ifa-barcelona-dentista-1-946x1024.jpg 946w, https:\/\/institutferresamat.com\/wp-content\/uploads\/2023\/02\/institut-ferres-amat-ifa-barcelona-dentista-1-277x300.jpg 277w, https:\/\/institutferresamat.com\/wp-content\/uploads\/2023\/02\/institut-ferres-amat-ifa-barcelona-dentista-1-768x832.jpg 768w, https:\/\/institutferresamat.com\/wp-content\/uploads\/2023\/02\/institut-ferres-amat-ifa-barcelona-dentista-1.jpg 1170w\" sizes=\"auto, (max-width: 946px) 100vw, 946px\" \/><\/figure>\n\n\n\n<figure class=\"wp-block-image alignright size-large is-resized is-style-rounded history-section is-style-rounded--3\"><img loading=\"lazy\" decoding=\"async\" width=\"768\" height=\"1024\" src=\"https:\/\/institutferresamat.com\/wp-content\/uploads\/2026\/04\/PHOTO-2020-03-22-04-58-57-768x1024.jpg\" alt=\"\" class=\"wp-image-1309\" style=\"width:247px;height:auto\" srcset=\"https:\/\/institutferresamat.com\/wp-content\/uploads\/2026\/04\/PHOTO-2020-03-22-04-58-57-768x1024.jpg 768w, https:\/\/institutferresamat.com\/wp-content\/uploads\/2026\/04\/PHOTO-2020-03-22-04-58-57-225x300.jpg 225w, https:\/\/institutferresamat.com\/wp-content\/uploads\/2026\/04\/PHOTO-2020-03-22-04-58-57-1152x1536.jpg 1152w, https:\/\/institutferresamat.com\/wp-content\/uploads\/2026\/04\/PHOTO-2020-03-22-04-58-57.jpg 1200w\" sizes=\"auto, (max-width: 768px) 100vw, 768px\" \/><\/figure>\n<\/div>\n\n\n\n<div class=\"wp-block-column is-layout-flow wp-container-core-column-is-layout-119bc444 wp-block-column-is-layout-flow\" style=\"flex-basis:60%\">\n<p class=\"has-heading-font-family has-x-large-font-size\" style=\"line-height:1.2\">Nous travaillons en \u00e9quipe afin d\u2019offrir une prise en charge globale et personnalis\u00e9e.<\/p>\n\n\n\n<div class=\"wp-block-columns is-layout-flex wp-container-core-columns-is-layout-87beb0d0 wp-block-columns-is-layout-flex\">\n<div class=\"wp-block-column is-layout-flow wp-block-column-is-layout-flow\">\n<p class=\"wp-container-content-9cfa9a5a\">Nous combinons exp\u00e9rience, formation continue et technologies avanc\u00e9es pour garantir des traitements s\u00fbrs, efficaces et adapt\u00e9s \u00e0 chaque cas.<\/p>\n\n\n\n<p><\/p>\n\n\n\n<div class=\"wp-block-buttons clean-button is-layout-flex wp-block-buttons-is-layout-flex\">\n<div class=\"wp-block-button clean-button\"><a class=\"wp-block-button__link has-background wp-element-button\" href=\"https:\/\/institutferresamat.com\/fr\/historia\/\" style=\"background-color:#99ccff\">Histoire<\/a><\/div>\n\n\n\n<div class=\"wp-block-button clean-button\"><a class=\"wp-block-button__link has-background wp-element-button\" href=\"https:\/\/institutferresamat.com\/fr\/especialitats\/\" style=\"background-color:#99ccff\">SERVICES<\/a><\/div>\n<\/div>\n<\/div>\n\n\n\n<div class=\"wp-block-column is-layout-flow wp-block-column-is-layout-flow\">\n<p>Nous souhaitons mettre l\u2019accent sur la pr\u00e9vention. Il n\u2019est pas n\u00e9cessaire d\u2019attendre l\u2019apparition de sympt\u00f4mes: de nombreux traitements peuvent \u00eatre \u00e9vit\u00e9s gr\u00e2ce \u00e0 un bon suivi et des contr\u00f4les r\u00e9guliers. C\u2019est pourquoi nous accordons une grande importance \u00e0 la pr\u00e9vention au sein de notre Institut, en rappelant qu\u2019il est essentiel de prendre soin du sourire de nos patients.<\/p>\n<\/div>\n<\/div>\n\n\n\n<figure class=\"wp-block-image alignright size-full is-resized is-style-rounded history-section is-style-rounded--4\"><img loading=\"lazy\" decoding=\"async\" width=\"560\" height=\"468\" src=\"https:\/\/institutferresamat.com\/wp-content\/uploads\/2026\/04\/ifa-somriure-institut-ferres-amat-smile.jpg\" alt=\"\" class=\"wp-image-1307\" style=\"width:222px;height:auto\" srcset=\"https:\/\/institutferresamat.com\/wp-content\/uploads\/2026\/04\/ifa-somriure-institut-ferres-amat-smile.jpg 560w, https:\/\/institutferresamat.com\/wp-content\/uploads\/2026\/04\/ifa-somriure-institut-ferres-amat-smile-300x251.jpg 300w\" sizes=\"auto, (max-width: 560px) 100vw, 560px\" \/><\/figure>\n<\/div>\n<\/div>\n<\/div>\n\n\n\n<div class=\"wp-block-group alignfull has-global-padding is-layout-constrained wp-container-core-group-is-layout-669513ed wp-block-group-is-layout-constrained\" style=\"margin-top:0;margin-bottom:0;padding-top:var(--wp--preset--spacing--50);padding-right:var(--wp--preset--spacing--50);padding-bottom:var(--wp--preset--spacing--50);padding-left:var(--wp--preset--spacing--50)\">\n<div class=\"wp-block-group is-vertical is-content-justification-center is-layout-flex wp-container-core-group-is-layout-ce155fab wp-block-group-is-layout-flex\">\n<h2 class=\"wp-block-heading has-text-align-center has-xx-large-font-size\"><strong>Team IFA<\/strong><\/h2>\n<\/div>\n\n\n\n<div class=\"wp-block-columns alignwide is-layout-flex wp-container-core-columns-is-layout-4935966c wp-block-columns-is-layout-flex\" style=\"padding-right:0;padding-left:0\">\n<div class=\"wp-block-column is-layout-flow wp-block-column-is-layout-flow\">\n<figure class=\"wp-block-image size-full is-style-rounded team-photo is-style-rounded--5\"><a href=\"http:\/\/institutferresamat.com\/fr\/dr-eduard-ferres-padro\/\"><img loading=\"lazy\" decoding=\"async\" width=\"1058\" height=\"1388\" src=\"http:\/\/institutferresamat.com\/wp-content\/uploads\/2026\/04\/eduard_ferres_padro_ifa.jpg\" alt=\"\" class=\"wp-image-1181\" style=\"aspect-ratio:1;object-fit:cover\" srcset=\"https:\/\/institutferresamat.com\/wp-content\/uploads\/2026\/04\/eduard_ferres_padro_ifa.jpg 1058w, https:\/\/institutferresamat.com\/wp-content\/uploads\/2026\/04\/eduard_ferres_padro_ifa-229x300.jpg 229w, https:\/\/institutferresamat.com\/wp-content\/uploads\/2026\/04\/eduard_ferres_padro_ifa-781x1024.jpg 781w, https:\/\/institutferresamat.com\/wp-content\/uploads\/2026\/04\/eduard_ferres_padro_ifa-768x1008.jpg 768w\" sizes=\"auto, (max-width: 1058px) 100vw, 1058px\" \/><\/a><\/figure>\n\n\n\n<div class=\"wp-block-group hover-name is-vertical is-content-justification-center is-nowrap is-layout-flex wp-container-core-group-is-layout-21d4e958 wp-block-group-is-layout-flex\">\n<p class=\"has-text-align-center has-text-color has-link-color has-small-font-size wp-elements-745dde60c4e9d7045fa0dadfe554f9bb\" style=\"color:#6fa9e4\"><strong><a href=\"https:\/\/institutferresamat.com\/fr\/dr-eduard-ferres-padro\/\">Dr. Eduard Ferr\u00e9s Padr\u00f3<\/a><\/strong><\/p>\n\n\n\n<p class=\"has-text-align-center has-small-font-size\">Fondateur et Directeur M\u00e9dical<\/p>\n<\/div>\n<\/div>\n\n\n\n<div class=\"wp-block-column is-layout-flow wp-block-column-is-layout-flow\">\n<figure class=\"wp-block-image size-full is-style-rounded team-photo is-style-rounded--6\"><a href=\"http:\/\/institutferresamat.com\/fr\/dra-elvira-ferres-amat\/\"><img loading=\"lazy\" decoding=\"async\" width=\"2384\" height=\"2560\" src=\"http:\/\/institutferresamat.com\/wp-content\/uploads\/2026\/04\/elvira_ferres_amat_ifa-scaled.jpg\" alt=\"\" class=\"wp-image-1182\" style=\"aspect-ratio:1;object-fit:cover\" srcset=\"https:\/\/institutferresamat.com\/wp-content\/uploads\/2026\/04\/elvira_ferres_amat_ifa-scaled.jpg 2384w, https:\/\/institutferresamat.com\/wp-content\/uploads\/2026\/04\/elvira_ferres_amat_ifa-279x300.jpg 279w, https:\/\/institutferresamat.com\/wp-content\/uploads\/2026\/04\/elvira_ferres_amat_ifa-954x1024.jpg 954w, https:\/\/institutferresamat.com\/wp-content\/uploads\/2026\/04\/elvira_ferres_amat_ifa-768x825.jpg 768w, https:\/\/institutferresamat.com\/wp-content\/uploads\/2026\/04\/elvira_ferres_amat_ifa-1431x1536.jpg 1431w, https:\/\/institutferresamat.com\/wp-content\/uploads\/2026\/04\/elvira_ferres_amat_ifa-1908x2048.jpg 1908w\" sizes=\"auto, (max-width: 2384px) 100vw, 2384px\" \/><\/a><\/figure>\n\n\n\n<div class=\"wp-block-group is-vertical is-content-justification-center is-nowrap is-layout-flex wp-container-core-group-is-layout-63bfd6c1 wp-block-group-is-layout-flex\">\n<p class=\"has-text-align-center hover-name has-text-color has-link-color has-small-font-size wp-elements-c4eaa61f7e4ba05ac9455da6f70a6dba\" style=\"color:#6fa9e4\"><strong><a href=\"https:\/\/institutferresamat.com\/fr\/dra-elvira-ferres-amat\/\">Dra. Elvira Ferr\u00e9s Amat<\/a><\/strong><\/p>\n\n\n\n<p class=\"has-text-align-center has-small-font-size\">Directrice d\u2019Odontologie <\/p>\n\n\n\n<p class=\"has-text-align-center has-small-font-size\">et d\u2019Odontop\u00e9diatrie <\/p>\n<\/div>\n<\/div>\n\n\n\n<div class=\"wp-block-column is-layout-flow wp-block-column-is-layout-flow\">\n<figure class=\"wp-block-image size-full is-style-rounded team-photo is-style-rounded--7\"><a href=\"http:\/\/institutferresamat.com\/fr\/llic-eduard-ferres-amat\/\"><img loading=\"lazy\" decoding=\"async\" width=\"1170\" height=\"1435\" src=\"http:\/\/institutferresamat.com\/wp-content\/uploads\/2024\/09\/eduard-ferres-amat-ifa-institut-ferres-amat.jpg\" alt=\"\" class=\"wp-image-1133\" style=\"aspect-ratio:1;object-fit:cover\" srcset=\"https:\/\/institutferresamat.com\/wp-content\/uploads\/2024\/09\/eduard-ferres-amat-ifa-institut-ferres-amat.jpg 1170w, https:\/\/institutferresamat.com\/wp-content\/uploads\/2024\/09\/eduard-ferres-amat-ifa-institut-ferres-amat-245x300.jpg 245w, https:\/\/institutferresamat.com\/wp-content\/uploads\/2024\/09\/eduard-ferres-amat-ifa-institut-ferres-amat-835x1024.jpg 835w, https:\/\/institutferresamat.com\/wp-content\/uploads\/2024\/09\/eduard-ferres-amat-ifa-institut-ferres-amat-768x942.jpg 768w\" sizes=\"auto, (max-width: 1170px) 100vw, 1170px\" \/><\/a><\/figure>\n\n\n\n<div class=\"wp-block-group is-vertical is-content-justification-center is-nowrap is-layout-flex wp-container-core-group-is-layout-63bfd6c1 wp-block-group-is-layout-flex\">\n<p class=\"has-text-align-center hover-name has-text-color has-link-color has-small-font-size wp-elements-ab7e9419d99dce1363d57fed56a095a1\" style=\"color:#6fa9e4\"><strong><a href=\"https:\/\/institutferresamat.com\/fr\/llic-eduard-ferres-amat\/\">Dr. Eduard Ferr\u00e9s Amat<\/a><\/strong><\/p>\n\n\n\n<p class=\"has-text-align-center has-small-font-size\">Responsable d\u2019Implantologie et de Chirurgie Orale<\/p>\n<\/div>\n<\/div>\n\n\n\n<div class=\"wp-block-column is-layout-flow wp-block-column-is-layout-flow\">\n<figure class=\"wp-block-image size-full is-style-rounded team-photo is-style-rounded--8\"><a href=\"http:\/\/institutferresamat.com\/fr\/qui-som\/equip\/llda-sabine-wustemann-aronica\/\"><img loading=\"lazy\" decoding=\"async\" width=\"2232\" height=\"2560\" src=\"http:\/\/institutferresamat.com\/wp-content\/uploads\/2026\/04\/sabine_wustemann_aronica-scaled.jpg\" alt=\"\" class=\"wp-image-1183\" style=\"aspect-ratio:1;object-fit:cover\" srcset=\"https:\/\/institutferresamat.com\/wp-content\/uploads\/2026\/04\/sabine_wustemann_aronica-scaled.jpg 2232w, https:\/\/institutferresamat.com\/wp-content\/uploads\/2026\/04\/sabine_wustemann_aronica-262x300.jpg 262w, https:\/\/institutferresamat.com\/wp-content\/uploads\/2026\/04\/sabine_wustemann_aronica-893x1024.jpg 893w, https:\/\/institutferresamat.com\/wp-content\/uploads\/2026\/04\/sabine_wustemann_aronica-768x881.jpg 768w, https:\/\/institutferresamat.com\/wp-content\/uploads\/2026\/04\/sabine_wustemann_aronica-1339x1536.jpg 1339w, https:\/\/institutferresamat.com\/wp-content\/uploads\/2026\/04\/sabine_wustemann_aronica-1786x2048.jpg 1786w\" sizes=\"auto, (max-width: 2232px) 100vw, 2232px\" \/><\/a><\/figure>\n\n\n\n<div class=\"wp-block-group is-vertical is-content-justification-center is-nowrap is-layout-flex wp-container-core-group-is-layout-21d4e958 wp-block-group-is-layout-flex\">\n<p class=\"has-text-align-center hover-name has-text-color has-link-color has-small-font-size wp-elements-433a20eeed18008ca56eb7bb41e44a31\" style=\"color:#6fa9e4\"><strong><a href=\"https:\/\/institutferresamat.com\/fr\/qui-som\/equip\/llda-sabine-wustemann-aronica\/\">Dra. Sabine W\u00fcstemann Aronica<\/a><\/strong><\/p>\n\n\n\n<p class=\"has-text-align-center has-small-font-size\">Responsable de R\u00e9habilitation Orale et d\u2019Esth\u00e9tique Dentaire<\/p>\n<\/div>\n<\/div>\n<\/div>\n\n\n\n<div class=\"wp-block-buttons clean-button is-content-justification-center is-layout-flex wp-container-core-buttons-is-layout-a89b3969 wp-block-buttons-is-layout-flex\">\n<div class=\"wp-block-button clean-button\"><a class=\"wp-block-button__link has-background wp-element-button\" href=\"http:\/\/institutferresamat.com\/fr\/qui-som\/equip\/\" style=\"background-color:#99ccff\">D\u00c9COUVRIR L\u2019\u00c9QUIPE IFA<\/a><\/div>\n<\/div>\n<\/div>\n\n\n\n<div class=\"wp-block-group alignfull has-accent-5-background-color has-background has-global-padding is-layout-constrained wp-container-core-group-is-layout-d89aad35 wp-block-group-is-layout-constrained\" style=\"margin-top:0;margin-bottom:0;padding-top:var(--wp--preset--spacing--50);padding-right:var(--wp--preset--spacing--50);padding-bottom:var(--wp--preset--spacing--50);padding-left:var(--wp--preset--spacing--50)\">\n<div class=\"wp-block-columns alignwide is-layout-flex wp-container-core-columns-is-layout-1da03c2a wp-block-columns-is-layout-flex\">\n<div class=\"wp-block-column is-vertically-aligned-center is-layout-flow wp-block-column-is-layout-flow\" style=\"flex-basis:60%\">\n<figure class=\"wp-block-image size-full is-style-rounded history-section wp-duotone-duotone-1 is-style-rounded--9\"><img loading=\"lazy\" decoding=\"async\" width=\"1170\" height=\"865\" src=\"http:\/\/institutferresamat.com\/wp-content\/uploads\/2026\/04\/IMG_7097.jpg\" alt=\"\" class=\"wp-image-1206\" style=\"aspect-ratio:4\/3;object-fit:cover\" srcset=\"https:\/\/institutferresamat.com\/wp-content\/uploads\/2026\/04\/IMG_7097.jpg 1170w, https:\/\/institutferresamat.com\/wp-content\/uploads\/2026\/04\/IMG_7097-300x222.jpg 300w, https:\/\/institutferresamat.com\/wp-content\/uploads\/2026\/04\/IMG_7097-1024x757.jpg 1024w, https:\/\/institutferresamat.com\/wp-content\/uploads\/2026\/04\/IMG_7097-768x568.jpg 768w\" sizes=\"auto, (max-width: 1170px) 100vw, 1170px\" \/><\/figure>\n<\/div>\n\n\n\n<div class=\"wp-block-column especialitats-list is-layout-flow wp-block-column-is-layout-flow\" style=\"flex-basis:40%\">\n<h2 class=\"wp-block-heading hover-blue\"><a href=\"https:\/\/institutferresamat.com\/fr\/especialitats\/\" data-type=\"page\" data-id=\"1269\"><strong>Sp\u00e9cialit\u00e9s<\/strong><\/a><\/h2>\n\n\n\n<p><a href=\"https:\/\/institutferresamat.com\/fr\/odontologia-2\/\">Odontologie<\/a><\/p>\n\n\n\n<p><a href=\"https:\/\/institutferresamat.com\/fr\/estomatologia\/\">Stomatologie<\/a><\/p>\n\n\n\n<p><a href=\"https:\/\/institutferresamat.com\/fr\/implantologia-avancada-rehabilitacio-i-protesi-dental\/\">R\u00e9habilitation et Proth\u00e8se Dentaire<\/a><\/p>\n\n\n\n<p><a href=\"https:\/\/institutferresamat.com\/fr\/implantologia-avancada-rehabilitacio-i-protesi-dental\/\">Implantologie Avanc\u00e9e<\/a><\/p>\n\n\n\n<p><a href=\"https:\/\/institutferresamat.com\/fr\/estetica-dental\/\">Esth\u00e9tique Dentaire<\/a><\/p>\n\n\n\n<p><a href=\"https:\/\/institutferresamat.com\/fr\/atm\/\">Articulation Temporomandibulaire<\/a><\/p>\n\n\n\n<p><a href=\"https:\/\/institutferresamat.com\/fr\/periodoncia\/\">Parodontologie<\/a><\/p>\n\n\n\n<p><a href=\"https:\/\/institutferresamat.com\/fr\/endodoncia\/\">Endodontie<\/a><\/p>\n\n\n\n<p><a href=\"https:\/\/institutferresamat.com\/fr\/ortodoncia\/\">Orthodontie<\/a><\/p>\n\n\n\n<p class=\"especialitats-list\"><a href=\"https:\/\/institutferresamat.com\/fr\/odontopediatria-i-odontobebe\/\" data-type=\"page\" data-id=\"1224\">Dentisterie p\u00e9diatrique<\/a><\/p>\n\n\n\n<p><a href=\"https:\/\/institutferresamat.com\/fr\/odontopediatria-i-odontobebe\/\">Odonto B\u00e9b\u00e9<\/a><\/p>\n\n\n\n<p><a href=\"https:\/\/institutferresamat.com\/fr\/cirurgia-oral-i-maxillofacial\/\">Chirurgie Orale et Maxillo-faciale<\/a><\/p>\n\n\n\n<p><a href=\"https:\/\/institutferresamat.com\/fr\/atencio-internacional\/\">Patient International<\/a><\/p>\n<\/div>\n<\/div>\n<\/div>\n\n\n\n<div class=\"wp-block-group alignfull has-global-padding is-layout-constrained wp-container-core-group-is-layout-d89aad35 wp-block-group-is-layout-constrained\" style=\"margin-top:0;margin-bottom:0;padding-top:var(--wp--preset--spacing--50);padding-right:var(--wp--preset--spacing--50);padding-bottom:var(--wp--preset--spacing--50);padding-left:var(--wp--preset--spacing--50)\">\n<div class=\"wp-block-columns alignwide are-vertically-aligned-center is-layout-flex wp-container-core-columns-is-layout-47c06fe3 wp-block-columns-is-layout-flex\">\n<div class=\"wp-block-column is-vertically-aligned-center is-layout-flow wp-block-column-is-layout-flow\" style=\"flex-basis:50%\">\n<h2 class=\"wp-block-heading\">Depuis 1997 dans le quartier de Sant Gervasi, Barcelone<\/h2>\n\n\n\n<p>Carrer Mari\u00e0 Cub\u00ed 122<\/p>\n\n\n\n<div class=\"wp-block-buttons clean-button is-layout-flex wp-block-buttons-is-layout-flex\">\n<div class=\"wp-block-button clean-button\"><a class=\"wp-block-button__link has-background wp-element-button\" href=\"http:\/\/institutferresamat.com\/fr\/contacte\/\" style=\"background-color:#99ccff\">CONTACT<\/a><\/div>\n\n\n\n<div class=\"wp-block-button is-style-fill clean-button\"><a class=\"wp-block-button__link has-background wp-element-button\" href=\"https:\/\/institutferresamat.com\/fr\/mutues\/\" style=\"background-color:#99ccff\">MUTUELLES<\/a><\/div>\n<\/div>\n<\/div>\n\n\n\n<div class=\"wp-block-column is-vertically-aligned-center is-layout-flow wp-block-column-is-layout-flow\" style=\"flex-basis:50%\">\n<figure class=\"wp-block-image size-full is-style-rounded is-style-rounded--10\"><a href=\"https:\/\/www.google.com\/maps\/place\/Institut+Ferr%C3%A9s+Amat\/@41.3962208,2.143517,806m\/data=!3m2!1e3!4b1!4m6!3m5!1s0x12a4a29dd8bf764b:0x5a6234b67a42368a!8m2!3d41.3962208!4d2.1460919!16s%2Fg%2F11c1trrxwv?entry=ttu&amp;g_ep=EgoyMDI2MDQwOC4wIKXMDSoASAFQAw%3D%3D\" target=\"_blank\" rel=\" noreferrer noopener\"><img loading=\"lazy\" decoding=\"async\" width=\"3014\" height=\"1554\" src=\"http:\/\/institutferresamat.com\/wp-content\/uploads\/2024\/06\/mapa-institut-ferres-amat-ifa-barcelona.png\" alt=\"\" class=\"wp-image-1058\" style=\"aspect-ratio:4\/3;object-fit:cover\" srcset=\"https:\/\/institutferresamat.com\/wp-content\/uploads\/2024\/06\/mapa-institut-ferres-amat-ifa-barcelona.png 3014w, https:\/\/institutferresamat.com\/wp-content\/uploads\/2024\/06\/mapa-institut-ferres-amat-ifa-barcelona-300x155.png 300w, https:\/\/institutferresamat.com\/wp-content\/uploads\/2024\/06\/mapa-institut-ferres-amat-ifa-barcelona-1024x528.png 1024w, https:\/\/institutferresamat.com\/wp-content\/uploads\/2024\/06\/mapa-institut-ferres-amat-ifa-barcelona-768x396.png 768w, https:\/\/institutferresamat.com\/wp-content\/uploads\/2024\/06\/mapa-institut-ferres-amat-ifa-barcelona-1536x792.png 1536w, https:\/\/institutferresamat.com\/wp-content\/uploads\/2024\/06\/mapa-institut-ferres-amat-ifa-barcelona-2048x1056.png 2048w\" sizes=\"auto, (max-width: 3014px) 100vw, 3014px\" \/><\/a><\/figure>\n<\/div>\n<\/div>\n<\/div>\n\n\n\n<p><\/p>","protected":false},"excerpt":{"rendered":"<p>Cirurgia oral i odontologia avan\u00e7ada a Barcelona. Tres generacions dedicades a la salut bucodental. Treballem en equip per oferir una atenci\u00f3 integral i personalitzada. Combinem experi\u00e8ncia, formaci\u00f3 cont\u00ednua i tecnologia avan\u00e7ada per garantir tractaments segurs, efica\u00e7os i adaptats a cada cas. Volem centrar-nos en la prevenci\u00f3, no cal esperar a tenir s\u00edmptomes, es poden evitar [&hellip;]<\/p>\n","protected":false},"author":1,"featured_media":0,"parent":0,"menu_order":0,"comment_status":"closed","ping_status":"closed","template":"","meta":{"footnotes":""},"class_list":["post-93","page","type-page","status-publish","hentry"],"_links":{"self":[{"href":"https:\/\/institutferresamat.com\/fr\/wp-json\/wp\/v2\/pages\/93","targetHints":{"allow":["GET"]}}],"collection":[{"href":"https:\/\/institutferresamat.com\/fr\/wp-json\/wp\/v2\/pages"}],"about":[{"href":"https:\/\/institutferresamat.com\/fr\/wp-json\/wp\/v2\/types\/page"}],"author":[{"embeddable":true,"href":"https:\/\/institutferresamat.com\/fr\/wp-json\/wp\/v2\/users\/1"}],"replies":[{"embeddable":true,"href":"https:\/\/institutferresamat.com\/fr\/wp-json\/wp\/v2\/comments?post=93"}],"version-history":[{"count":61,"href":"https:\/\/institutferresamat.com\/fr\/wp-json\/wp\/v2\/pages\/93\/revisions"}],"predecessor-version":[{"id":1740,"href":"https:\/\/institutferresamat.com\/fr\/wp-json\/wp\/v2\/pages\/93\/revisions\/1740"}],"wp:attachment":[{"href":"https:\/\/institutferresamat.com\/fr\/wp-json\/wp\/v2\/media?parent=93"}],"curies":[{"name":"wp","href":"https:\/\/api.w.org\/{rel}","templated":true}]}}